{"id":5063,"date":"2019-03-21T11:18:36","date_gmt":"2019-03-21T09:18:36","guid":{"rendered":"https:\/\/adgirona.cat\/mapa-del-web\/"},"modified":"2019-03-25T11:06:11","modified_gmt":"2019-03-25T09:06:11","slug":"mapa-de-la-web","status":"publish","type":"page","link":"https:\/\/adgirona.cat\/es\/mapa-de-la-web\/","title":{"rendered":"Mapa de la web"},"content":{"rendered":"<p>[vc_row full_width=\u00bbstretch_row_content_no_spaces\u00bb][vc_column]\n\t\t\t<!-- START mapadelaweb REVOLUTION SLIDER 6.7.35 --><p class=\"rs-p-wp-fix\"><\/p>\n\t\t\t<rs-module-wrap id=\"rev_slider_30_1_wrapper\" data-source=\"gallery\" style=\"visibility:hidden;background:transparent;padding:0;margin:0px auto;margin-top:0;margin-bottom:0;\">\n\t\t\t\t<rs-module id=\"rev_slider_30_1\" style=\"\" data-version=\"6.7.35\">\n\t\t\t\t\t<rs-slides style=\"overflow: hidden; position: absolute;\">\n\t\t\t\t\t\t<rs-slide style=\"position: absolute;\" data-key=\"rs-44\" data-title=\"Slide\" data-anim=\"adpr:false;\">\n\t\t\t\t\t\t\t<img decoding=\"async\" src=\"\/\/adgirona.cat\/wp-content\/plugins\/revslider\/sr6\/assets\/assets\/dummy.png\" alt=\"\" width=\"1920\" height=\"1080\" class=\"rev-slidebg tp-rs-img rs-lazyload\" data-lazyload=\"\/\/adgirona.cat\/wp-content\/plugins\/revslider\/sr6\/assets\/assets\/transparent.png\" data-no-retina>\n<!--\n\t\t\t\t\t\t\t--><rs-layer\n\t\t\t\t\t\t\t\tid=\"slider-30-slide-44-layer-2\" \n\t\t\t\t\t\t\t\tdata-type=\"image\"\n\t\t\t\t\t\t\t\tdata-rsp_ch=\"on\"\n\t\t\t\t\t\t\t\tdata-xy=\"x:-2px;y:-184px;\"\n\t\t\t\t\t\t\t\tdata-text=\"l:22;a:inherit;\"\n\t\t\t\t\t\t\t\tdata-dim=\"w:100%;h:100%;\"\n\t\t\t\t\t\t\t\tdata-frame_0=\"tp:600;\"\n\t\t\t\t\t\t\t\tdata-frame_1=\"tp:600;sR:10;\"\n\t\t\t\t\t\t\t\tdata-frame_999=\"o:0;tp:600;st:w;sR:8690;\"\n\t\t\t\t\t\t\t\tstyle=\"z-index:5;\"\n\t\t\t\t\t\t\t><img decoding=\"async\" src=\"\/\/adgirona.cat\/wp-content\/plugins\/revslider\/sr6\/assets\/assets\/dummy.png\" alt=\"\" class=\"tp-rs-img rs-lazyload\" width=\"1469\" height=\"427\" data-lazyload=\"\/\/adgirona.cat\/wp-content\/uploads\/2019\/03\/quisom.jpg\" data-c=\"cover-proportional\" data-no-retina> \n\t\t\t\t\t\t\t<\/rs-layer><!--\n\n\t\t\t\t\t\t\t--><rs-layer\n\t\t\t\t\t\t\t\tid=\"slider-30-slide-44-layer-3\" \n\t\t\t\t\t\t\t\tdata-type=\"text\"\n\t\t\t\t\t\t\t\tdata-color=\"#ffffff\"\n\t\t\t\t\t\t\t\tdata-rsp_ch=\"on\"\n\t\t\t\t\t\t\t\tdata-xy=\"x:c;xo:-32px;y:89px;\"\n\t\t\t\t\t\t\t\tdata-text=\"s:30;l:22;fw:700;a:inherit;\"\n\t\t\t\t\t\t\t\tdata-frame_0=\"tp:600;\"\n\t\t\t\t\t\t\t\tdata-frame_1=\"tp:600;sR:10;\"\n\t\t\t\t\t\t\t\tdata-frame_999=\"o:0;tp:600;st:w;sR:8690;\"\n\t\t\t\t\t\t\t\tstyle=\"z-index:6;font-family:'Raleway';\"\n\t\t\t\t\t\t\t>Mapa de la web \n\t\t\t\t\t\t\t<\/rs-layer><!--\n-->\t\t\t\t\t<\/rs-slide>\n\t\t\t\t\t<\/rs-slides>\n\t\t\t\t<\/rs-module>\n\t\t\t\t<script>\n\t\t\t\t\tsetREVStartSize({c: 'rev_slider_30_1',rl:[1240,1024,778,480],el:[],gw:[1903],gh:[175],type:'standard',justify:'',layout:'fullwidth',mh:\"0\"});if (window.RS_MODULES!==undefined && window.RS_MODULES.modules!==undefined && window.RS_MODULES.modules[\"revslider301\"]!==undefined) {window.RS_MODULES.modules[\"revslider301\"].once = false;window.revapi30 = undefined;if (window.RS_MODULES.checkMinimal!==undefined) window.RS_MODULES.checkMinimal()}\n\t\t\t\t<\/script>\n\t\t\t<\/rs-module-wrap>\n\t\t\t<!-- END REVOLUTION SLIDER -->\n[vc_empty_space height=\u00bb100px\u00bb][\/vc_column][\/vc_row][vc_row][vc_column][vc_raw_html el_class=\u00bbtextos\u00bb]JTVCd3BzZW9fYnJlYWRjcnVtYiU1RA==[\/vc_raw_html][vc_empty_space][vc_column_text el_class=\u00bbtextos\u00bb]<\/p>\n<div class=\"page-body\">\n<div class=\"container\"><main>Este mapa permite hacerse una idea de c\u00f3mo est\u00e1n organizados los servicios y la informaci\u00f3n de la web. Puede acceder a cada uno de sus contenidos haciendo clic en los enlaces.<\/main><\/p>\n<ul>\n<li><a href=\"https:\/\/adgirona.cat\/es\/\"> Inicio<\/a>\n<ul>\n<li>\u00bfQui\u00e9nes somos?\n<ul>\n<li><a href=\"https:\/\/adgirona.cat\/es\/quienes-somos\/ad-iniciatives-socials\/\"> AD Iniciatives Socials <\/a><\/li>\n<li><a href=\"https:\/\/adgirona.cat\/es\/quienes-somos\/ideario\/\"> Ideario<\/a><\/li>\n<li><a href=\"https:\/\/adgirona.cat\/es\/quienes-somos\/marco-teorico-de-intervencion\/\"> Marco te\u00f3rico d&#8217;intervenci\u00f3n<\/a><\/li>\n<li><a href=\"https:\/\/adgirona.cat\/es\/quienes-somos\/politica-de-calidad\/\"> Pol\u00edtica de calidad<\/a><\/li>\n<li><a href=\"https:\/\/adgirona.cat\/es\/quienes-somos\/equipo-humano\/\"> Equipo humano<\/a><\/li>\n<li><a href=\"https:\/\/adgirona.cat\/es\/quienes-somos\/colabora\/\"> Colabora <\/a><\/li>\n<\/ul>\n<\/li>\n<li>Servicios\n<ul>\n<li><a href=\"https:\/\/adgirona.cat\/es\/servicios\/acogimientos-familiares\/\"> Acogiminetos familiares <\/a><\/li>\n<li><a href=\"https:\/\/adgirona.cat\/es\/servicios\/adopciones\/\"> Adopciones <\/a><\/li>\n<li><a href=\"https:\/\/adgirona.cat\/es\/servicios\/acogimientos-familiares\/\">Acogiminetos <\/a><a href=\"https:\/\/adgirona.cat\/es\/servicios\/acogimientos-residenciales\/\">residenciales <\/a><\/li>\n<li><a href=\"https:\/\/adgirona.cat\/es\/servicios\/intervencion-comunitaria\/\"> Intervenci\u00f3n comunitaria <\/a><\/li>\n<li><a href=\"https:\/\/adgirona.cat\/es\/servicios\/atencion-a-los-jovenes\/\"> Atenci\u00f3n a los j\u00f3venes <\/a><\/li>\n<li><a href=\"https:\/\/adgirona.cat\/es\/servicios\/terapia-ocupacional\/\"> Terapia ocupacional <\/a><\/li>\n<li><a href=\"https:\/\/adgirona.cat\/es\/servicios\/adn-girona\/\"> ADN Girona <\/a><\/li>\n<\/ul>\n<\/li>\n<li><a href=\"https:\/\/adgirona.cat\/es\/colaboradores\/\"> Colaboradores <\/a><\/li>\n<li><a href=\"https:\/\/adgirona.cat\/es\/contacto\/\"> Contacto<\/a><\/li>\n<li>Informaci\u00f3n de inter\u00e9s\n<ul>\n<li><a href=\"https:\/\/adgirona.cat\/es\/aviso-legal\/\"> Aviso legal <\/a><\/li>\n<li><a href=\"https:\/\/adgirona.cat\/es\/proteccion-de-datos\/\"> Protecci\u00f3n de datos <\/a><\/li>\n<li><a href=\"https:\/\/adgirona.cat\/es\/politica-de-cookies\/\"> Pol\u00edtica de cookies <\/a><\/li>\n<li><a href=\"https:\/\/adgirona.cat\/es\/mapa-de-la-web\/\"> Mapa de la web <\/a><\/li>\n<li><a href=\"https:\/\/adgirona.cat\/es\/quieres-trabajar-con-nosotros\/\">\u00bfQuieres trabajar con nosotros?<\/a><\/li>\n<\/ul>\n<\/li>\n<\/ul>\n<\/li>\n<\/ul>\n<\/div>\n<\/div>\n<p>[\/vc_column_text][\/vc_column][\/vc_row]<\/p>\n","protected":false},"excerpt":{"rendered":"<p>[vc_row full_width=\u00bbstretch_row_content_no_spaces\u00bb][vc_column][vc_empty_space height=\u00bb100px\u00bb][\/vc_column][\/vc_row][vc_row][vc_column][vc_raw_html el_class=\u00bbtextos\u00bb]JTVCd3BzZW9fYnJlYWRjcnVtYiU1RA==[\/vc_raw_html][vc_empty_space][vc_column_text el_class=\u00bbtextos\u00bb] Este mapa permite hacerse una idea de c\u00f3mo est\u00e1n organizados los servicios y la informaci\u00f3n de la web. Puede acceder a cada uno de sus contenidos haciendo clic en los enlaces. Inicio \u00bfQui\u00e9nes somos? AD Iniciatives Socials Ideario Marco te\u00f3rico d&#8217;intervenci\u00f3n Pol\u00edtica de calidad Equipo [&hellip;]<\/p>\n","protected":false},"author":2,"featured_media":0,"parent":0,"menu_order":0,"comment_status":"closed","ping_status":"closed","template":"","meta":{"footnotes":""},"class_list":["post-5063","page","type-page","status-publish","hentry"],"yoast_head":"<!-- This site is optimized with the Yoast SEO plugin v27.5 - https:\/\/yoast.com\/product\/yoast-seo-wordpress\/ -->\n<title>Mapa de la web - AD Iniciatives Socials<\/title>\n<meta name=\"robots\" content=\"index, follow, max-snippet:-1, max-image-preview:large, max-video-preview:-1\" \/>\n<link rel=\"canonical\" href=\"https:\/\/adgirona.cat\/es\/mapa-de-la-web\/\" \/>\n<meta property=\"og:locale\" content=\"es_ES\" \/>\n<meta property=\"og:type\" content=\"article\" \/>\n<meta property=\"og:title\" content=\"Mapa de la web - AD Iniciatives Socials\" \/>\n<meta property=\"og:description\" content=\"[vc_row full_width=\u00bbstretch_row_content_no_spaces\u00bb][vc_column][vc_empty_space height=\u00bb100px\u00bb][\/vc_column][\/vc_row][vc_row][vc_column][vc_raw_html el_class=\u00bbtextos\u00bb]JTVCd3BzZW9fYnJlYWRjcnVtYiU1RA==[\/vc_raw_html][vc_empty_space][vc_column_text el_class=\u00bbtextos\u00bb] Este mapa permite hacerse una idea de c\u00f3mo est\u00e1n organizados los servicios y la informaci\u00f3n de la web. Puede acceder a cada uno de sus contenidos haciendo clic en los enlaces. Inicio \u00bfQui\u00e9nes somos? AD Iniciatives Socials Ideario Marco te\u00f3rico d&#8217;intervenci\u00f3n Pol\u00edtica de calidad Equipo [&hellip;]\" \/>\n<meta property=\"og:url\" content=\"https:\/\/adgirona.cat\/es\/mapa-de-la-web\/\" \/>\n<meta property=\"og:site_name\" content=\"AD Iniciatives Socials\" \/>\n<meta property=\"article:modified_time\" content=\"2019-03-25T09:06:11+00:00\" \/>\n<meta name=\"twitter:card\" content=\"summary_large_image\" \/>\n<meta name=\"twitter:label1\" content=\"Tiempo de lectura\" \/>\n\t<meta name=\"twitter:data1\" content=\"1 minuto\" \/>\n<script type=\"application\/ld+json\" class=\"yoast-schema-graph\">{\"@context\":\"https:\\\/\\\/schema.org\",\"@graph\":[{\"@type\":\"WebPage\",\"@id\":\"https:\\\/\\\/adgirona.cat\\\/es\\\/mapa-de-la-web\\\/\",\"url\":\"https:\\\/\\\/adgirona.cat\\\/es\\\/mapa-de-la-web\\\/\",\"name\":\"Mapa de la web - AD Iniciatives Socials\",\"isPartOf\":{\"@id\":\"https:\\\/\\\/adgirona.cat\\\/#website\"},\"datePublished\":\"2019-03-21T09:18:36+00:00\",\"dateModified\":\"2019-03-25T09:06:11+00:00\",\"breadcrumb\":{\"@id\":\"https:\\\/\\\/adgirona.cat\\\/es\\\/mapa-de-la-web\\\/#breadcrumb\"},\"inLanguage\":\"es\",\"potentialAction\":[{\"@type\":\"ReadAction\",\"target\":[\"https:\\\/\\\/adgirona.cat\\\/es\\\/mapa-de-la-web\\\/\"]}]},{\"@type\":\"BreadcrumbList\",\"@id\":\"https:\\\/\\\/adgirona.cat\\\/es\\\/mapa-de-la-web\\\/#breadcrumb\",\"itemListElement\":[{\"@type\":\"ListItem\",\"position\":1,\"name\":\"IniciInicio\",\"item\":\"https:\\\/\\\/adgirona.cat\\\/es\\\/\"},{\"@type\":\"ListItem\",\"position\":2,\"name\":\"Mapa de la web\"}]},{\"@type\":\"WebSite\",\"@id\":\"https:\\\/\\\/adgirona.cat\\\/#website\",\"url\":\"https:\\\/\\\/adgirona.cat\\\/\",\"name\":\"AD Iniciatives Socials\",\"description\":\"\",\"potentialAction\":[{\"@type\":\"SearchAction\",\"target\":{\"@type\":\"EntryPoint\",\"urlTemplate\":\"https:\\\/\\\/adgirona.cat\\\/?s={search_term_string}\"},\"query-input\":{\"@type\":\"PropertyValueSpecification\",\"valueRequired\":true,\"valueName\":\"search_term_string\"}}],\"inLanguage\":\"es\"}]}<\/script>\n<!-- \/ Yoast SEO plugin. -->","yoast_head_json":{"title":"Mapa de la web - AD Iniciatives Socials","robots":{"index":"index","follow":"follow","max-snippet":"max-snippet:-1","max-image-preview":"max-image-preview:large","max-video-preview":"max-video-preview:-1"},"canonical":"https:\/\/adgirona.cat\/es\/mapa-de-la-web\/","og_locale":"es_ES","og_type":"article","og_title":"Mapa de la web - AD Iniciatives Socials","og_description":"[vc_row full_width=\u00bbstretch_row_content_no_spaces\u00bb][vc_column][vc_empty_space height=\u00bb100px\u00bb][\/vc_column][\/vc_row][vc_row][vc_column][vc_raw_html el_class=\u00bbtextos\u00bb]JTVCd3BzZW9fYnJlYWRjcnVtYiU1RA==[\/vc_raw_html][vc_empty_space][vc_column_text el_class=\u00bbtextos\u00bb] Este mapa permite hacerse una idea de c\u00f3mo est\u00e1n organizados los servicios y la informaci\u00f3n de la web. Puede acceder a cada uno de sus contenidos haciendo clic en los enlaces. Inicio \u00bfQui\u00e9nes somos? AD Iniciatives Socials Ideario Marco te\u00f3rico d&#8217;intervenci\u00f3n Pol\u00edtica de calidad Equipo [&hellip;]","og_url":"https:\/\/adgirona.cat\/es\/mapa-de-la-web\/","og_site_name":"AD Iniciatives Socials","article_modified_time":"2019-03-25T09:06:11+00:00","twitter_card":"summary_large_image","twitter_misc":{"Tiempo de lectura":"1 minuto"},"schema":{"@context":"https:\/\/schema.org","@graph":[{"@type":"WebPage","@id":"https:\/\/adgirona.cat\/es\/mapa-de-la-web\/","url":"https:\/\/adgirona.cat\/es\/mapa-de-la-web\/","name":"Mapa de la web - AD Iniciatives Socials","isPartOf":{"@id":"https:\/\/adgirona.cat\/#website"},"datePublished":"2019-03-21T09:18:36+00:00","dateModified":"2019-03-25T09:06:11+00:00","breadcrumb":{"@id":"https:\/\/adgirona.cat\/es\/mapa-de-la-web\/#breadcrumb"},"inLanguage":"es","potentialAction":[{"@type":"ReadAction","target":["https:\/\/adgirona.cat\/es\/mapa-de-la-web\/"]}]},{"@type":"BreadcrumbList","@id":"https:\/\/adgirona.cat\/es\/mapa-de-la-web\/#breadcrumb","itemListElement":[{"@type":"ListItem","position":1,"name":"IniciInicio","item":"https:\/\/adgirona.cat\/es\/"},{"@type":"ListItem","position":2,"name":"Mapa de la web"}]},{"@type":"WebSite","@id":"https:\/\/adgirona.cat\/#website","url":"https:\/\/adgirona.cat\/","name":"AD Iniciatives Socials","description":"","potentialAction":[{"@type":"SearchAction","target":{"@type":"EntryPoint","urlTemplate":"https:\/\/adgirona.cat\/?s={search_term_string}"},"query-input":{"@type":"PropertyValueSpecification","valueRequired":true,"valueName":"search_term_string"}}],"inLanguage":"es"}]}},"_links":{"self":[{"href":"https:\/\/adgirona.cat\/es\/wp-json\/wp\/v2\/pages\/5063","targetHints":{"allow":["GET"]}}],"collection":[{"href":"https:\/\/adgirona.cat\/es\/wp-json\/wp\/v2\/pages"}],"about":[{"href":"https:\/\/adgirona.cat\/es\/wp-json\/wp\/v2\/types\/page"}],"author":[{"embeddable":true,"href":"https:\/\/adgirona.cat\/es\/wp-json\/wp\/v2\/users\/2"}],"replies":[{"embeddable":true,"href":"https:\/\/adgirona.cat\/es\/wp-json\/wp\/v2\/comments?post=5063"}],"version-history":[{"count":4,"href":"https:\/\/adgirona.cat\/es\/wp-json\/wp\/v2\/pages\/5063\/revisions"}],"predecessor-version":[{"id":5071,"href":"https:\/\/adgirona.cat\/es\/wp-json\/wp\/v2\/pages\/5063\/revisions\/5071"}],"wp:attachment":[{"href":"https:\/\/adgirona.cat\/es\/wp-json\/wp\/v2\/media?parent=5063"}],"curies":[{"name":"wp","href":"https:\/\/api.w.org\/{rel}","templated":true}]}}